{"id":1070,"date":"2020-07-15T16:14:07","date_gmt":"2020-07-15T14:14:07","guid":{"rendered":"http:\/\/deloin.fr\/blog\/?p=1070"},"modified":"2023-07-19T17:21:49","modified_gmt":"2023-07-19T15:21:49","slug":"les-sites-de-recherche-demplois","status":"publish","type":"page","link":"http:\/\/deloin.fr\/blog\/les-sites-de-recherche-demplois\/","title":{"rendered":"Les sites de recherche d&#8217;emplois"},"content":{"rendered":"\n<h4 class=\"wp-block-heading\">sommaire de la liste de liens<\/h4>\n\n\n\n<ol class=\"wp-block-list\">\n<li><a href=\"#i1\">Candidatures spontan\u00e9es<\/a><\/li>\n\n\n\n<li><a href=\"#i2\">Sites d&rsquo;offres g\u00e9n\u00e9ralistes nationaux et r\u00e9gionaux<\/a><\/li>\n\n\n\n<li><a href=\"#i3\">Sites pour certaines cat\u00e9gories de personnes<\/a><\/li>\n\n\n\n<li><a href=\"#i4\">Portail de l&rsquo;alternance et apprentissage<\/a><\/li>\n\n\n\n<li><a href=\"#i5\">Secteur du b\u00e2timent<\/a><\/li>\n\n\n\n<li><a href=\"#i6\">Secteur de l&rsquo;automobile<\/a><\/li>\n\n\n\n<li><a href=\"#i7\">Sites sp\u00e9cialis\u00e9s secr\u00e9tariat <\/a><\/li>\n\n\n\n<li><a href=\"#i8\">Bourse de l&#8217;emploi territorial et concours<\/a><\/li>\n\n\n\n<li><a href=\"#i9\">Bourse d&#8217;emplois de la fonction publique d&rsquo;\u00e9tat<\/a><\/li>\n\n\n\n<li><a href=\"#i10\">Informations sur la fonction publique <\/a><\/li>\n<\/ol>\n\n\n\n<h3 class=\"wp-block-heading\" id=\"i1\">1 &#8211; Candidatures spontan\u00e9es<\/h3>\n\n\n\n<blockquote class=\"wp-block-quote is-layout-flow wp-block-quote-is-layout-flow\">\n<p><a href=\"https:\/\/labonneboite.pole-emploi.fr\/\">https:\/\/labonneboite.pole-emploi.fr\/<\/a><\/p>\n<cite>Outil de recherche d&rsquo;entreprises \u00e0 proximit\u00e9<\/cite><\/blockquote>\n\n\n\n<blockquote class=\"wp-block-quote is-layout-flow wp-block-quote-is-layout-flow\">\n<p><a href=\"https:\/\/www.pagesjaunes.fr\/\">https:\/\/www.pagesjaunes.fr\/<\/a><\/p>\n<cite>On peut chercher par m\u00e9tier dans l&rsquo;annuaire<\/cite><\/blockquote>\n\n\n\n<h3 class=\"wp-block-heading\" id=\"i2\"> 2 &#8211; Sites d&rsquo;offres g\u00e9n\u00e9ralistes nationaux et r\u00e9gionaux<\/h3>\n\n\n\n<blockquote class=\"wp-block-quote is-layout-flow wp-block-quote-is-layout-flow\">\n<p><a href=\"http:\/\/www.polemploi.fr\"><strong>www.polemploi.fr<\/strong><\/a><\/p>\n<cite>Vous pouvez trouver bien plus que votre espace candidat personnel sur le site de P\u00f4le Emploi.<\/cite><\/blockquote>\n\n\n\n<blockquote class=\"wp-block-quote is-layout-flow wp-block-quote-is-layout-flow\">\n<p> <a href=\"https:\/\/www.meteojob.com\/\">https:\/\/www.meteojob.com\/<\/a> <\/p>\n<cite>moteur de recherche national possibilit\u00e9 d&rsquo;entrer dans une recherche sectorielle<\/cite><\/blockquote>\n\n\n\n<blockquote class=\"wp-block-quote is-layout-flow wp-block-quote-is-layout-flow\">\n<p> <a href=\"https:\/\/www.leboncoin.fr\/\">https:\/\/www.leboncoin.fr\/<\/a> <\/p>\n<cite>Chercher dans la cat\u00e9gorie offres d&#8217;emplois autour de chez moi<\/cite><\/blockquote>\n\n\n\n<blockquote class=\"wp-block-quote is-layout-flow wp-block-quote-is-layout-flow\">\n<p><a href=\"http:\/\/www.jobijoba.com\">www.jobijoba.com<\/a><\/p>\n<cite> Jobijoba regroupe pour vous toutes les offres du march\u00e9, quel que soit le secteur ou le type de poste que vous visez <\/cite><\/blockquote>\n\n\n\n<blockquote class=\"wp-block-quote is-layout-flow wp-block-quote-is-layout-flow\">\n<p><a href=\"http:\/\/www.jobrapido.com\">www.jobrapido.com<\/a><\/p>\n<cite>Moteur de recherche national<\/cite><\/blockquote>\n\n\n\n<blockquote class=\"wp-block-quote is-layout-flow wp-block-quote-is-layout-flow\">\n<p><a href=\"http:\/\/www.embauche.com\">www.embauche.com<\/a><\/p>\n<cite>Missions int\u00e9rimaires QAPA<\/cite><\/blockquote>\n\n\n\n<blockquote class=\"wp-block-quote is-layout-flow wp-block-quote-is-layout-flow\">\n<p><a rel=\"noreferrer noopener\" aria-label=\" (s\u2019ouvre dans un nouvel onglet)\" href=\"https:\/\/www.sudouestjob.com\/\" target=\"_blank\">https:\/\/www.sudouestjob.com\/<\/a><\/p>\n<cite>Emplois dans le Sud Ouest<\/cite><\/blockquote>\n\n\n\n<blockquote class=\"wp-block-quote is-layout-flow wp-block-quote-is-layout-flow\">\n<p><a href=\"http:\/\/www.emploi86.com\"><strong>www.emploi86.com<\/strong><\/a><\/p>\n<cite>Le site pour les demandeurs d&#8217;emploi de la Vienne<\/cite><\/blockquote>\n\n\n\n<blockquote class=\"wp-block-quote is-layout-flow wp-block-quote-is-layout-flow\">\n<p> <a href=\"https:\/\/www.mobivienne.fr\/\">https:\/\/www.mobivienne.fr\/<\/a> <\/p>\n<cite>Le site pour aider \u00e0 la mobilit\u00e9 des personnes en recherche d&#8217;emploi. Le P\u00f4le mobilit\u00e9 se situe \u00e0 Ch\u00e2tellerault derri\u00e8re la Mission Locale.<\/cite><\/blockquote>\n\n\n\n<p><a href=\"http:\/\/www.lavienne86.fr\"><strong>www.lavienne86.fr<\/strong><\/a><strong><\/strong><\/p>\n\n\n\n<p><a href=\"http:\/\/www.travallae.fr\"><strong>www.travallae.fr<\/strong><\/a><strong><\/strong><\/p>\n\n\n\n<p><strong><a rel=\"noreferrer noopener\" aria-label=\" (s\u2019ouvre dans un nouvel onglet)\" href=\"http:\/\/www.emploi.ville-chatellerault.fr\" target=\"_blank\">www.emploi.ville-chatellerault.fr<\/a><\/strong><\/p>\n\n\n\n<p><a href=\"http:\/\/www.indeed.fr\/Vienne-Emplois\">www.indeed.fr\/<strong>Vienne<\/strong>&#8211;<strong>Emplois<\/strong><\/a><strong><\/strong><\/p>\n\n\n\n<p><a href=\"http:\/\/www.centremploi.com\">www.centr<strong>emploi<\/strong>.com<\/a><\/p>\n\n\n\n<p><a href=\"http:\/\/www.ouestjob.com\">www.ouestjob.com<\/a><\/p>\n\n\n\n<p><a href=\"http:\/\/www.emploivienne.com\"><strong>www.emploivienne<\/strong>.com<\/a><\/p>\n\n\n\n<h3 class=\"wp-block-heading\" id=\"i3\">3 &#8211; <strong>Sites pour certaines cat\u00e9gories de personnes<\/strong><\/h3>\n\n\n\n<blockquote class=\"wp-block-quote is-layout-flow wp-block-quote-is-layout-flow\">\n<p><a href=\"https:\/\/action-emploi86.fr\/\">https:\/\/action-emploi86.fr\/<\/a><\/p>\n<cite>Association interm\u00e9diaire : <strong>Action emploi 86 vous accompagne vers la reprise d\u2019activit\u00e9 gr\u00e2ce \u00e0 la mise en relation avec notre r\u00e9seau de professionnels du territoire de&nbsp;Grand Ch\u00e2tellerault et ses environs.<\/strong><\/cite><\/blockquote>\n\n\n\n<blockquote class=\"wp-block-quote is-layout-flow wp-block-quote-is-layout-flow\">\n<p><a href=\"http:\/\/www.missionlocalenordvienne.fr\">www.<strong>missionlocale<\/strong>nordvienne.fr<\/a><\/p>\n<cite>Mission Locale de Ch\u00e2tellerault pour les jeunes<\/cite><\/blockquote>\n\n\n\n<blockquote class=\"wp-block-quote is-layout-flow wp-block-quote-is-layout-flow\">\n<p><a href=\"http:\/\/www.mli-poitiers.asso.fr\">www.mli-poitiers.asso.fr<\/a><\/p>\n<cite>Mission Locale de Poitiers pour les jeunes<\/cite><\/blockquote>\n\n\n\n<blockquote class=\"wp-block-quote is-layout-flow wp-block-quote-is-layout-flow\">\n<p><a href=\"http:\/\/www.agefiph.fr\">www.agefiph.fr<\/a><\/p>\n<cite>Site r\u00e9serv\u00e9 aux personnes handicap\u00e9es<\/cite><\/blockquote>\n\n\n\n<blockquote class=\"wp-block-quote is-layout-flow wp-block-quote-is-layout-flow\">\n<p><a href=\"http:\/\/www.cadremploi.fr\">www.cadremploi.fr<\/a><\/p>\n<cite>Site r\u00e9serv\u00e9 aux cadres<\/cite><\/blockquote>\n\n\n\n<blockquote class=\"wp-block-quote is-layout-flow wp-block-quote-is-layout-flow\">\n<p><a rel=\"noreferrer noopener\" aria-label=\"www.cdg86.fr (s\u2019ouvre dans un nouvel onglet)\" href=\"http:\/\/www.cdg86.fr\" target=\"_blank\">www.cdg86.fr<\/a><\/p>\n<cite>Centre de Gestion de la Fonction Publique Territoriale de la Vienne<\/cite><\/blockquote>\n\n\n\n<p><\/p>\n\n\n\n<h3 class=\"wp-block-heading\" id=\"i4\">4 &#8211; PORTAIL DE L\u2019ALTERNANCE et APPRENTISSAGE<\/h3>\n\n\n\n<blockquote class=\"wp-block-quote is-layout-flow wp-block-quote-is-layout-flow\">\n<p><a href=\"https:\/\/www.cmonalternance-na.fr\/\" target=\"_blank\" rel=\"noreferrer noopener\"> https:\/\/www.cmonalternance-na.fr\/<\/a><\/p>\n<cite> Nouvelle-Aquitaine alternance <\/cite><\/blockquote>\n\n\n\n<h3 class=\"wp-block-heading\" id=\"i5\">5 &#8211; Secteur b\u00e2timent<\/h3>\n\n\n\n<blockquote class=\"wp-block-quote is-layout-flow wp-block-quote-is-layout-flow\">\n<p><a href=\"https:\/\/www.carriere-btp.com\/\">https:\/\/www.carriere-btp.com\/<\/a><\/p>\n<cite>Offres d&#8217;emplois et stages dans le BTP<\/cite><\/blockquote>\n\n\n\n<blockquote class=\"wp-block-quote is-layout-flow wp-block-quote-is-layout-flow\">\n<p><a href=\"https:\/\/www.actionbtp.com\/accueil.html\">https:\/\/www.actionbtp.com\/accueil.html<\/a><\/p>\n<cite>La centrale d&#8217;emplois pour le BTP<\/cite><\/blockquote>\n\n\n\n<blockquote class=\"wp-block-quote is-layout-flow wp-block-quote-is-layout-flow\">\n<p><a href=\"https:\/\/www.pmebtp.com\/\">https:\/\/www.pmebtp.com\/<\/a><\/p>\n<cite>L&rsquo;agence internet pour l&#8217;emploi BTP<\/cite><\/blockquote>\n\n\n\n<blockquote class=\"wp-block-quote is-layout-flow wp-block-quote-is-layout-flow\">\n<p><a href=\"http:\/\/faditt.com\/\">http:\/\/faditt.com\/<\/a><\/p>\n<cite>(Le domaine est en vente) , site provisoire<\/cite><\/blockquote>\n\n\n\n<h3 class=\"wp-block-heading\" id=\"i6\">6 &#8211; Secteur de l&rsquo;automobile<\/h3>\n\n\n\n<blockquote class=\"wp-block-quote is-layout-flow wp-block-quote-is-layout-flow\">\n<p><a href=\"https:\/\/www.autorecrute.com\/\">https:\/\/www.autorecrute.com\/<\/a><\/p>\n<cite>Annonces dans les m\u00e9tiers de l&rsquo;automobile<\/cite><\/blockquote>\n\n\n\n<h3 class=\"wp-block-heading\" id=\"i7\">  7 &#8211; Sites sp\u00e9cialis\u00e9s secr\u00e9tariat<br><\/h3>\n\n\n\n<blockquote class=\"wp-block-quote is-layout-flow wp-block-quote-is-layout-flow\">\n<p> <a rel=\"noreferrer noopener\" href=\"http:\/\/assistante-experte.com\/\" target=\"_blank\">assistante-experte.com<\/a><\/p>\n<cite>Site d\u00e9di\u00e9 aux assistantes<\/cite><\/blockquote>\n\n\n\n<blockquote class=\"wp-block-quote is-layout-flow wp-block-quote-is-layout-flow\">\n<p> <a rel=\"noreferrer noopener\" href=\"http:\/\/super-secretaire.org\/\" target=\"_blank\">super-secretaire.org<\/a><\/p>\n<\/blockquote>\n\n\n\n<blockquote class=\"wp-block-quote is-layout-flow wp-block-quote-is-layout-flow\">\n<p> <a rel=\"noreferrer noopener\" href=\"http:\/\/admincompta.fr\/\" target=\"_blank\">admincompta.fr<\/a><em> <\/em> <\/p>\n<\/blockquote>\n\n\n\n<h3 class=\"wp-block-heading\" id=\"i8\">8 &#8211; <strong>Bourse de l\u2019emploi territorial et concours<\/strong><\/h3>\n\n\n\n<blockquote class=\"wp-block-quote is-layout-flow wp-block-quote-is-layout-flow\">\n<p><a href=\"http:\/\/www.emploi-territorial.fr\/\"><strong>www.emploi-territorial.fr<\/strong><\/a>&nbsp;&nbsp;&nbsp;&nbsp;&nbsp;&nbsp;<\/p>\n<cite> Le portail de&nbsp;<strong>l&#8217;emploi publi<\/strong>c territorial<\/cite><\/blockquote>\n\n\n\n<blockquote class=\"wp-block-quote is-layout-flow wp-block-quote-is-layout-flow\">\n<p><a href=\"http:\/\/www.fncdg.com\/\"><strong>www.fncdg.com<\/strong><\/a>&nbsp;&nbsp;&nbsp;&nbsp;&nbsp;&nbsp;&nbsp;&nbsp;&nbsp;&nbsp;&nbsp;&nbsp;&nbsp;&nbsp;&nbsp;<\/p>\n\n\n\n<p>&nbsp;<a href=\"http:\/\/fncdg.com\/bourse-de-lemplois\/\">http:\/\/fncdg.com\/bourse-de-lemplois\/<\/a><\/p>\n<cite>F\u00e9d\u00e9ration Nationale des Centres de Gestion de la Fonction Publique Territoriale<\/cite><\/blockquote>\n\n\n\n<h3 class=\"wp-block-heading\" id=\"i9\">9 &#8211; <strong>Bourse de l\u2019emploi de la Fonction Publique d\u2019Etat<\/strong><\/h3>\n\n\n\n<p><a href=\"https:\/\/www.fonction-publique.gouv.fr\/biep\">https:\/\/www.fonction-publique.gouv.fr\/biep<\/a><\/p>\n\n\n\n<h3 class=\"wp-block-heading\" id=\"i10\">10 &#8211; <strong>Informations sur la Fonction Publique <\/strong><\/h3>\n\n\n\n<p><a href=\"http:\/\/www.service-public.fr\/\"><strong>www.service-public.fr<\/strong><\/a><\/p>\n\n\n\n<p><\/p>\n","protected":false},"excerpt":{"rendered":"<p>sommaire de la liste de liens 1 &#8211; Candidatures spontan\u00e9es https:\/\/labonneboite.pole-emploi.fr\/ Outil de recherche d&rsquo;entreprises \u00e0 proximit\u00e9 https:\/\/www.pagesjaunes.fr\/ On peut &hellip; <a href=\"http:\/\/deloin.fr\/blog\/les-sites-de-recherche-demplois\/\" class=\"more-link\">Continuer la lecture<span class=\"screen-reader-text\"> de &laquo;&nbsp;Les sites de recherche d&#8217;emplois&nbsp;&raquo;<\/span><\/a><\/p>\n","protected":false},"author":1,"featured_media":0,"parent":0,"menu_order":0,"comment_status":"open","ping_status":"open","template":"","meta":{"_bbp_topic_count":0,"_bbp_reply_count":0,"_bbp_total_topic_count":0,"_bbp_total_reply_count":0,"_bbp_voice_count":0,"_bbp_anonymous_reply_count":0,"_bbp_topic_count_hidden":0,"_bbp_reply_count_hidden":0,"_bbp_forum_subforum_count":0,"footnotes":""},"class_list":["post-1070","page","type-page","status-publish","hentry"],"_links":{"self":[{"href":"http:\/\/deloin.fr\/blog\/wp-json\/wp\/v2\/pages\/1070","targetHints":{"allow":["GET"]}}],"collection":[{"href":"http:\/\/deloin.fr\/blog\/wp-json\/wp\/v2\/pages"}],"about":[{"href":"http:\/\/deloin.fr\/blog\/wp-json\/wp\/v2\/types\/page"}],"author":[{"embeddable":true,"href":"http:\/\/deloin.fr\/blog\/wp-json\/wp\/v2\/users\/1"}],"replies":[{"embeddable":true,"href":"http:\/\/deloin.fr\/blog\/wp-json\/wp\/v2\/comments?post=1070"}],"version-history":[{"count":38,"href":"http:\/\/deloin.fr\/blog\/wp-json\/wp\/v2\/pages\/1070\/revisions"}],"predecessor-version":[{"id":1629,"href":"http:\/\/deloin.fr\/blog\/wp-json\/wp\/v2\/pages\/1070\/revisions\/1629"}],"wp:attachment":[{"href":"http:\/\/deloin.fr\/blog\/wp-json\/wp\/v2\/media?parent=1070"}],"curies":[{"name":"wp","href":"https:\/\/api.w.org\/{rel}","templated":true}]}}