{"id":1129,"date":"2020-07-29T16:58:27","date_gmt":"2020-07-29T14:58:27","guid":{"rendered":"http:\/\/deloin.fr\/blog\/?page_id=1129"},"modified":"2025-11-03T09:39:03","modified_gmt":"2025-11-03T08:39:03","slug":"je-recherche-une-formation","status":"publish","type":"page","link":"http:\/\/deloin.fr\/blog\/je-recherche-une-formation\/","title":{"rendered":"3 &#8211; Je cherche une formation"},"content":{"rendered":"\n<h2 class=\"wp-block-heading\">O\u00f9 sont les formations ?<\/h2>\n\n\n\n<blockquote class=\"wp-block-quote is-layout-flow wp-block-quote-is-layout-flow\">\n<p>Depuis le site P\u00f4le Emploi : moteur de recherches :<\/p>\n<cite><a href=\"https:\/\/candidat.pole-emploi.fr\/formations\/accueil\/\" target=\"_blank\" rel=\"noreferrer noopener\">https:\/\/candidat.pole-emploi.fr\/formations\/accueil\/<\/a><\/cite><\/blockquote>\n\n\n\n<blockquote class=\"wp-block-quote is-layout-flow wp-block-quote-is-layout-flow\">\n<p>Rechercher toutes les formations propos\u00e9es <strong>en Nouvelle-Aquitaine<\/strong> <br>sur le site Rafael Entrep\u00f4t Aquitaine<\/p>\n<cite><a href=\"https:\/\/rafael.cap-metiers.pro\/recherche\/accueil\" target=\"_blank\" rel=\"noreferrer noopener\">https:\/\/rafael.cap-metiers.pro\/recherche\/accueil<\/a><\/cite><\/blockquote>\n\n\n\n<blockquote class=\"wp-block-quote is-layout-flow wp-block-quote-is-layout-flow\">\n<p><strong>CMAFORMATION : en Nouvelle Aquitaine moteur de recherche. Je peux effectuer ma propre prescription sur le site.<\/strong><\/p>\n<cite><a rel=\"noreferrer noopener\" href=\"https:\/\/www.cmaformation-na.fr\/\" target=\"_blank\"><mark style=\"background-color:rgba(0, 0, 0, 0)\" class=\"has-inline-color has-dark-brown-color\">https:\/\/www.cmaformation-na.fr\/<\/mark><\/a><\/cite><\/blockquote>\n\n\n\n<h2 class=\"wp-block-heading\">Quelle formation pour moi ?<\/h2>\n\n\n\n<blockquote class=\"wp-block-quote is-layout-flow wp-block-quote-is-layout-flow\">\n<p> <a href=\"https:\/\/www.orientation-pour-tous.fr\/\" target=\"_blank\" rel=\"noreferrer noopener\">https:\/\/www.orientation-pour-tous.fr\/<\/a> <\/p>\n<cite>Orientation Formation, trouver des id\u00e9es pour sa reconversion ou son retour \u00e0 l&#8217;emploi<\/cite><\/blockquote>\n\n\n\n<blockquote class=\"wp-block-quote is-layout-flow wp-block-quote-is-layout-flow\">\n<p><a href=\"https:\/\/www.afpa.fr\/\" target=\"_blank\" rel=\"noreferrer noopener\">https:\/\/www.afpa.fr\/<\/a><\/p>\n<cite>Le site national de l&rsquo;AFPA poss\u00e8de un outil de recherche avec un formulaire.<\/cite><\/blockquote>\n\n\n\n<blockquote class=\"wp-block-quote is-layout-flow wp-block-quote-is-layout-flow\">\n<p> <a href=\"https:\/\/greta-cfa-aquitaine.fr\/\">https:\/\/greta-cfa-aquitaine.fr\/<\/a> <\/p>\n<cite>Le r\u00e9seau des Gretas en Nouvelle-Aquitaine<\/cite><\/blockquote>\n\n\n\n<blockquote class=\"wp-block-quote is-layout-flow wp-block-quote-is-layout-flow\">\n<p><strong>Le service \u00ab Qui fait quoi o\u00f9 ? \u00bb<\/strong>&nbsp;les r\u00e9seaux pour tous les pros de la formation : <\/p>\n<cite><a href=\"https:\/\/www.cap-metiers.pro\/Kifekoi\/Catalogue-Reseaux\" target=\"_blank\" rel=\"noreferrer noopener\">https:\/\/www.cap-metiers.pro\/Kifekoi\/Catalogue-Reseaux<\/a><\/cite><\/blockquote>\n\n\n\n<blockquote class=\"wp-block-quote is-layout-flow wp-block-quote-is-layout-flow\">\n<p>CAP M\u00e9tiers :<br> <a rel=\"noreferrer noopener\" href=\"https:\/\/www.cap-metiers.pro\/kifekoi\/\" target=\"_blank\">https:\/\/www.cap-metiers.pro\/kifekoi\/<\/a><\/p>\n<\/blockquote>\n\n\n\n<blockquote class=\"wp-block-quote is-layout-flow wp-block-quote-is-layout-flow\">\n<p><strong>Autre Agenda des manifestations<\/strong> : <br><a href=\"https:\/\/www.cap-metiers.pro\/agenda\/emploi-formation-metier-orientation.aspx\" target=\"_blank\" rel=\"noreferrer noopener\">https:\/\/www.cap-metiers.pro\/agenda\/emploi-formation-metier-orientation.aspx<\/a><\/p>\n<\/blockquote>\n\n\n\n<h2 class=\"wp-block-heading\">R\u00e9pertoire des titres professionnels<\/h2>\n\n\n\n<blockquote class=\"wp-block-quote is-layout-flow wp-block-quote-is-layout-flow\">\n<p>La formation que je voudrais faire est-elle r\u00e9pertori\u00e9e dans la liste des titres qualifiants nationaux ?<\/p>\n<cite><a href=\"https:\/\/www.francecompetences.fr\/\" target=\"_blank\" rel=\"noreferrer noopener\">https:\/\/www.francecompetences.fr\/<\/a><\/cite><\/blockquote>\n\n\n\n<h2 class=\"wp-block-heading\">Alternance<\/h2>\n\n\n\n<blockquote class=\"wp-block-quote is-layout-flow wp-block-quote-is-layout-flow\">\n<p>La Bonne Alternance<\/p>\n<cite><a href=\"https:\/\/labonnealternance.pole-emploi.fr\/recherche-apprentissage\" target=\"_blank\" rel=\"noreferrer noopener\">https:\/\/labonnealternance.pole-emploi.fr\/recherche-apprentissage<\/a><\/cite><\/blockquote>\n\n\n\n<blockquote class=\"wp-block-quote is-layout-flow wp-block-quote-is-layout-flow\">\n<p>CMONALTERNANCE : <strong>La bourse alternance <\/strong>sur le site de la r\u00e9gion Nouvelle Aquitaine :  <\/p>\n<cite><a href=\"https:\/\/www.cmonalternance-na.fr\/\" target=\"_blank\" rel=\"noreferrer noopener\">https:\/\/www.cmonalternance-na.fr\/<\/a><\/cite><\/blockquote>\n\n\n\n<p><\/p>\n\n\n\n<h2 class=\"wp-block-heading\">Financements et statuts<\/h2>\n\n\n\n<blockquote class=\"wp-block-quote is-layout-flow wp-block-quote-is-layout-flow\">\n<p><a href=\"https:\/\/rafael.cap-metiers.pro\/recherche\/accueil\" target=\"_blank\" rel=\"noreferrer noopener\">https:\/\/rafael.cap-metiers.pro\/recherche\/accueil<\/a><\/p>\n\n\n\n<p>Rafael outil de recherche sur CAP m\u00e9tiers<\/p>\n<\/blockquote>\n\n\n\n<blockquote class=\"wp-block-quote is-layout-flow wp-block-quote-is-layout-flow\">\n<p>La formation pour les demandeurs d&#8217;emplois<\/p>\n<cite><a href=\"https:\/\/travail-emploi.gouv.fr\/formation-professionnelle\/formation-des-demandeurs-d-emploi\/\" target=\"_blank\" rel=\"noreferrer noopener\">https:\/\/travail-emploi.gouv.fr\/formation-professionnelle\/formation-des-demandeurs-d-emploi\/<\/a><\/cite><\/blockquote>\n\n\n\n<blockquote class=\"wp-block-quote is-layout-flow wp-block-quote-is-layout-flow\">\n<p> <a rel=\"noreferrer noopener\" href=\"https:\/\/www.moncompteformation.gouv.fr\/espace-prive\/html\/#\/\" data-type=\"URL\" data-id=\"https:\/\/www.moncompteformation.gouv.fr\/espace-prive\/html\/#\/\" target=\"_blank\">mon Compte Formation<\/a><\/p>\n<cite><em>Avec mon CPF, je peux commander une formation \u00e9ligible, je peux la choisir, mais il ne faut pas se pr\u00e9cipiter. Le choix d&rsquo;une formation est l&rsquo;aboutissement d&rsquo;une r\u00e9flexion sur le m\u00e9tier.<\/em><\/cite><\/blockquote>\n\n\n\n<blockquote class=\"wp-block-quote is-layout-flow wp-block-quote-is-layout-flow\">\n<p><a href=\"https:\/\/www.cmaformation-na.fr\/\" target=\"_blank\" rel=\"noreferrer noopener\">https:\/\/www.cmaformation-na.fr\/<\/a><\/p>\n<cite>Je m&rsquo;auto inscris dans une formation de la Nouvelle Aquitaine. Les possibilit\u00e9s de financement de la formation sont indiqu\u00e9es.<\/cite><\/blockquote>\n","protected":false},"excerpt":{"rendered":"<p>O\u00f9 sont les formations ? Depuis le site P\u00f4le Emploi : moteur de recherches : https:\/\/candidat.pole-emploi.fr\/formations\/accueil\/ Rechercher toutes les formations &hellip; <a href=\"http:\/\/deloin.fr\/blog\/je-recherche-une-formation\/\" class=\"more-link\">Continuer la lecture<span class=\"screen-reader-text\"> de &laquo;&nbsp;3 &#8211; Je cherche une formation&nbsp;&raquo;<\/span><\/a><\/p>\n","protected":false},"author":1,"featured_media":0,"parent":0,"menu_order":0,"comment_status":"closed","ping_status":"closed","template":"","meta":{"_bbp_topic_count":0,"_bbp_reply_count":0,"_bbp_total_topic_count":0,"_bbp_total_reply_count":0,"_bbp_voice_count":0,"_bbp_anonymous_reply_count":0,"_bbp_topic_count_hidden":0,"_bbp_reply_count_hidden":0,"_bbp_forum_subforum_count":0,"footnotes":""},"class_list":["post-1129","page","type-page","status-publish","hentry"],"_links":{"self":[{"href":"http:\/\/deloin.fr\/blog\/wp-json\/wp\/v2\/pages\/1129","targetHints":{"allow":["GET"]}}],"collection":[{"href":"http:\/\/deloin.fr\/blog\/wp-json\/wp\/v2\/pages"}],"about":[{"href":"http:\/\/deloin.fr\/blog\/wp-json\/wp\/v2\/types\/page"}],"author":[{"embeddable":true,"href":"http:\/\/deloin.fr\/blog\/wp-json\/wp\/v2\/users\/1"}],"replies":[{"embeddable":true,"href":"http:\/\/deloin.fr\/blog\/wp-json\/wp\/v2\/comments?post=1129"}],"version-history":[{"count":34,"href":"http:\/\/deloin.fr\/blog\/wp-json\/wp\/v2\/pages\/1129\/revisions"}],"predecessor-version":[{"id":1847,"href":"http:\/\/deloin.fr\/blog\/wp-json\/wp\/v2\/pages\/1129\/revisions\/1847"}],"wp:attachment":[{"href":"http:\/\/deloin.fr\/blog\/wp-json\/wp\/v2\/media?parent=1129"}],"curies":[{"name":"wp","href":"https:\/\/api.w.org\/{rel}","templated":true}]}}