{"id":1566,"date":"2023-03-04T12:34:21","date_gmt":"2023-03-04T11:34:21","guid":{"rendered":"https:\/\/deloin.fr\/blog\/?page_id=1566"},"modified":"2024-03-08T10:40:53","modified_gmt":"2024-03-08T09:40:53","slug":"1-lever-les-freins-pour-mon-projet-vers-lemploi","status":"publish","type":"page","link":"http:\/\/deloin.fr\/blog\/1-lever-les-freins-pour-mon-projet-vers-lemploi\/","title":{"rendered":"1 &#8211; Lever les freins pour mon projet vers l&#8217;emploi"},"content":{"rendered":"\n<h3 class=\"wp-block-heading\">Conna\u00eetre mes droits sociaux<\/h3>\n\n\n\n<blockquote class=\"wp-block-quote is-layout-flow wp-block-quote-is-layout-flow\">\n<p><a href=\"https:\/\/www.mesdroitssociaux.gouv.fr\/votre-simulateur\/accueil\" target=\"_blank\" rel=\"noreferrer noopener\">https:\/\/www.mesdroitssociaux.gouv.fr\/votre-simulateur\/accueil<\/a><\/p>\n<cite>Conna\u00eetre mes droits sociaux.<\/cite><\/blockquote>\n\n\n\n<blockquote class=\"wp-block-quote is-layout-flow wp-block-quote-is-layout-flow\">\n<p><a href=\"https:\/\/www.francetravail.fr\/candidat\/mes-droits-aux-aides-et-allocati.html\" target=\"_blank\" rel=\"noreferrer noopener\">Mes droits aux aides et allocations |France Travail<\/a><\/p>\n<cite>Simulateurs d&rsquo;allocations et d&rsquo;aides<\/cite><\/blockquote>\n\n\n\n<h3 class=\"wp-block-heading\">Conna\u00eetre l&#8217;emploi sur mon territoire<\/h3>\n\n\n\n<blockquote class=\"wp-block-quote is-layout-flow wp-block-quote-is-layout-flow\">\n<p><a href=\"https:\/\/dora.fabrique.social.gouv.fr\/\" target=\"_blank\" rel=\"noreferrer noopener\">https:\/\/dora.fabrique.social.gouv.fr\/<\/a><\/p>\n<cite>Le service public num\u00e9rique de recensement et mise \u00e0 jour de l\u2019offre d\u2019insertion.<\/cite><\/blockquote>\n\n\n\n<blockquote class=\"wp-block-quote is-layout-flow wp-block-quote-is-layout-flow\">\n<p><a href=\"https:\/\/dataemploi.pole-emploi.fr\/accueil\" target=\"_blank\" rel=\"noreferrer noopener\">https:\/\/dataemploi.pole-emploi.fr\/accueil<\/a><\/p>\n<cite>d\u00e9couvrir l&rsquo;activit\u00e9 sur son territoire<\/cite><\/blockquote>\n\n\n\n<blockquote class=\"wp-block-quote is-layout-flow wp-block-quote-is-layout-flow\">\n<p><a href=\"https:\/\/statistiques.pole-emploi.org\/bmo\" target=\"_blank\" rel=\"noreferrer noopener\">https:\/\/statistiques.pole-emploi.org\/bmo<\/a><\/p>\n<cite>O\u00f9 est le besoin de main d&rsquo;\u0153uvres<\/cite><\/blockquote>\n\n\n\n<blockquote class=\"wp-block-quote is-layout-flow wp-block-quote-is-layout-flow\">\n<p><a href=\"https:\/\/mesevenementsemploi.francetravail.fr\/mes-evenements-emploi\/evenements\" target=\"_blank\" rel=\"noreferrer noopener\">https:\/\/mesevenementsemploi.francetravail.fr\/mes-evenements-emploi\/evenements<\/a><\/p>\n<cite>Conna\u00eetre les \u00e9v\u00e8nements li\u00e9s \u00e0 l&#8217;emploi sur mon territoire<\/cite><\/blockquote>\n\n\n\n<h3 class=\"wp-block-heading\">Me d\u00e9placer<\/h3>\n\n\n\n<blockquote class=\"wp-block-quote is-layout-flow wp-block-quote-is-layout-flow\">\n<p><a href=\"https:\/\/mes-aides.francetravail.fr\/transport-et-mobilite\" target=\"_blank\" rel=\"noreferrer noopener\">Tous mobiles pour l&#8217;emploi | Mes aides France Travail<\/a><\/p>\n<cite>Probl\u00e8mes de mobilit\u00e9 et garages solidaires<\/cite><\/blockquote>\n\n\n\n<blockquote class=\"wp-block-quote is-layout-flow wp-block-quote-is-layout-flow\">\n<p><a href=\"https:\/\/www.polemobilite86.fr\/\" target=\"_blank\" rel=\"noreferrer noopener\">https:\/\/www.polemobilite86.fr\/<\/a><\/p>\n<cite>Je veux passer mon permis ou r\u00e9soudre me probl\u00e8mes de mobilit\u00e9.<\/cite><\/blockquote>\n\n\n\n<h3 class=\"wp-block-heading\">Remise \u00e0 niveau Maths \/ fran\u00e7ais<\/h3>\n\n\n\n<blockquote class=\"wp-block-quote is-layout-flow wp-block-quote-is-layout-flow\">\n<p><a href=\"https:\/\/www.podcastfrancaisfacile.com\/\" target=\"_blank\" rel=\"noreferrer noopener\">https:\/\/www.podcastfrancaisfacile.com\/<\/a><\/p>\n<cite>Fran\u00e7ais Langue Etrang\u00e8re (FLE) \/ je viens de l&rsquo;\u00e9tranger. J&rsquo;ai besoin d&rsquo;\u00e9changer, de communiquer<\/cite><\/blockquote>\n\n\n\n<blockquote class=\"wp-block-quote is-layout-flow wp-block-quote-is-layout-flow\">\n<p><a href=\"https:\/\/www.linstit.com\/\">https:\/\/www.linstit.com\/<\/a><\/p>\n<cite>Maternelle au Coll\u00e8ge<\/cite><\/blockquote>\n\n\n\n<blockquote class=\"wp-block-quote is-layout-flow wp-block-quote-is-layout-flow\">\n<p><a href=\"https:\/\/mathenpoche.sesamath.net\/\">https:\/\/mathenpoche.sesamath.net\/<\/a><\/p>\n<cite>CM2 \u00e0 la Terminale<\/cite><\/blockquote>\n\n\n\n<blockquote class=\"wp-block-quote is-layout-flow wp-block-quote-is-layout-flow\">\n<p><a href=\"https:\/\/www.mathematiquesfaciles.com\/\" target=\"_blank\" rel=\"noreferrer noopener\">https:\/\/www.mathematiquesfaciles.com\/<\/a><\/p>\n<cite>Reprendre les bases scolaires avant le d\u00e9but d&rsquo;une formation.<\/cite><\/blockquote>\n\n\n\n<blockquote class=\"wp-block-quote is-layout-flow wp-block-quote-is-layout-flow\">\n<p><a href=\"https:\/\/soutien67.fr\/\">https:\/\/soutien67.fr\/<\/a><\/p>\n<cite>L&rsquo;\u00e9cole du Dirlo<\/cite><\/blockquote>\n\n\n\n<blockquote class=\"wp-block-quote is-layout-flow wp-block-quote-is-layout-flow\">\n<p><a href=\"https:\/\/www.maprimaire.fr\/\">https:\/\/www.maprimaire.fr\/<\/a><\/p>\n<cite>Plusieurs mati\u00e8res sont propos\u00e9es. Maths, Anglais, Fran\u00e7ais, Histoire G\u00e9o, Sciences.<\/cite><\/blockquote>\n\n\n\n<blockquote class=\"wp-block-quote is-layout-flow wp-block-quote-is-layout-flow\">\n<p><a href=\"https:\/\/etab.ac-poitiers.fr\/coll-rabelais-poitiers\/spip.php?article460\">https:\/\/etab.ac-poitiers.fr\/coll-rabelais-poitiers\/spip.php?article460<\/a><\/p>\n<cite>Une s\u00e9lection de sites pour de la remise \u00e0 niveau<\/cite><\/blockquote>\n\n\n\n<h3 class=\"wp-block-heading\">Anticiper les risques au travail<\/h3>\n\n\n\n<blockquote class=\"wp-block-quote is-layout-flow wp-block-quote-is-layout-flow\">\n<p><a href=\"http:\/\/www.bossons-fute.fr\/\" target=\"_blank\" rel=\"noreferrer noopener\">http:\/\/www.bossons-fute.fr\/<\/a><\/p>\n<cite>Trouver la fiche m\u00e9tier qui permet de comprendre les dangers de chaque m\u00e9tier.<\/cite><\/blockquote>\n\n\n\n<blockquote class=\"wp-block-quote is-layout-flow wp-block-quote-is-layout-flow\">\n<p><a href=\"https:\/\/www.napofilm.net\/fr\" target=\"_blank\" rel=\"noreferrer noopener\">https:\/\/www.napofilm.net\/fr<\/a><\/p>\n<cite>Le personnage de Napo et les risques au travail<\/cite><\/blockquote>\n\n\n\n<h3 class=\"wp-block-heading\">Communiquer avec internet<\/h3>\n\n\n\n<blockquote class=\"wp-block-quote is-layout-flow wp-block-quote-is-layout-flow\">\n<p><a href=\"https:\/\/www-2.netcourrier.com\/mailo\/auth\/create.php?language=fr\" target=\"_blank\" rel=\"noreferrer noopener\">https:\/\/www-2.netcourrier.com\/mailo\/auth\/create.php?language=fr<\/a><\/p>\n<cite>Je cr\u00e9e un mail que je pourrai conserver m\u00eame si je change d&rsquo;op\u00e9rateur t\u00e9l\u00e9phonique ou de fournisseur d&rsquo;acc\u00e8s internet.<\/cite><\/blockquote>\n\n\n\n<h3 class=\"wp-block-heading\">La gestion de mon temps<\/h3>\n\n\n\n<blockquote class=\"wp-block-quote is-layout-flow wp-block-quote-is-layout-flow\">\n<p><a href=\"https:\/\/www.manager-go.com\/efficacite-professionnelle\/gestion-du-temps.htm\" target=\"_blank\" rel=\"noreferrer noopener\">https:\/\/www.manager-go.com\/efficacite-professionnelle\/gestion-du-temps.htm<\/a><\/p>\n<cite>Des conseils pour am\u00e9liorer sa gestion du temps.<\/cite><\/blockquote>\n\n\n\n<blockquote class=\"wp-block-quote is-layout-flow wp-block-quote-is-layout-flow\">\n<p><a rel=\"noreferrer noopener\" href=\"https:\/\/monenfant.fr\/\" target=\"_blank\">https:\/\/monenfant.fr\/<\/a><\/p>\n<cite>Je m&rsquo;occupe seul(e) de mes enfants. Comment concilier cela avec mon projet professionnel ?<\/cite><\/blockquote>\n","protected":false},"excerpt":{"rendered":"<p>Conna\u00eetre mes droits sociaux https:\/\/www.mesdroitssociaux.gouv.fr\/votre-simulateur\/accueil Conna\u00eetre mes droits sociaux. Mes droits aux aides et allocations |France Travail Simulateurs d&rsquo;allocations et &hellip; <a href=\"http:\/\/deloin.fr\/blog\/1-lever-les-freins-pour-mon-projet-vers-lemploi\/\" class=\"more-link\">Continuer la lecture<span class=\"screen-reader-text\"> de &laquo;&nbsp;1 &#8211; Lever les freins pour mon projet vers l&#8217;emploi&nbsp;&raquo;<\/span><\/a><\/p>\n","protected":false},"author":1,"featured_media":0,"parent":0,"menu_order":0,"comment_status":"closed","ping_status":"closed","template":"","meta":{"_bbp_topic_count":0,"_bbp_reply_count":0,"_bbp_total_topic_count":0,"_bbp_total_reply_count":0,"_bbp_voice_count":0,"_bbp_anonymous_reply_count":0,"_bbp_topic_count_hidden":0,"_bbp_reply_count_hidden":0,"_bbp_forum_subforum_count":0,"footnotes":""},"class_list":["post-1566","page","type-page","status-publish","hentry"],"_links":{"self":[{"href":"http:\/\/deloin.fr\/blog\/wp-json\/wp\/v2\/pages\/1566","targetHints":{"allow":["GET"]}}],"collection":[{"href":"http:\/\/deloin.fr\/blog\/wp-json\/wp\/v2\/pages"}],"about":[{"href":"http:\/\/deloin.fr\/blog\/wp-json\/wp\/v2\/types\/page"}],"author":[{"embeddable":true,"href":"http:\/\/deloin.fr\/blog\/wp-json\/wp\/v2\/users\/1"}],"replies":[{"embeddable":true,"href":"http:\/\/deloin.fr\/blog\/wp-json\/wp\/v2\/comments?post=1566"}],"version-history":[{"count":31,"href":"http:\/\/deloin.fr\/blog\/wp-json\/wp\/v2\/pages\/1566\/revisions"}],"predecessor-version":[{"id":1703,"href":"http:\/\/deloin.fr\/blog\/wp-json\/wp\/v2\/pages\/1566\/revisions\/1703"}],"wp:attachment":[{"href":"http:\/\/deloin.fr\/blog\/wp-json\/wp\/v2\/media?parent=1566"}],"curies":[{"name":"wp","href":"https:\/\/api.w.org\/{rel}","templated":true}]}}